

{"id":10817,"date":"2023-05-22T13:25:18","date_gmt":"2023-05-22T11:25:18","guid":{"rendered":"https:\/\/test.loris.tv\/gms\/?page_id=10817"},"modified":"2023-11-13T13:21:40","modified_gmt":"2023-11-13T12:21:40","slug":"neuanmeldungen","status":"publish","type":"page","link":"https:\/\/test.loris.tv\/gms\/service\/neuanmeldungen\/","title":{"rendered":"Neuanmeldungen"},"content":{"rendered":"\t\t<div data-elementor-type=\"wp-page\" data-elementor-id=\"10817\" class=\"elementor elementor-10817\">\n\t\t\t\t\t\t\t\t\t<section class=\"elementor-section elementor-top-section elementor-element elementor-element-daf16a0 elementor-section-boxed elementor-section-height-default elementor-section-height-default\" data-id=\"daf16a0\" data-element_type=\"section\">\n\t\t\t\t\t\t<div class=\"elementor-container elementor-column-gap-default\">\n\t\t\t\t\t<div class=\"elementor-column elementor-col-100 elementor-top-column elementor-element elementor-element-ee0b2bc\" data-id=\"ee0b2bc\" data-element_type=\"column\">\n\t\t\t<div class=\"elementor-widget-wrap elementor-element-populated\">\n\t\t\t\t\t\t\t\t<div class=\"elementor-element elementor-element-e13af49 elementor-widget thim-ekits-heading elementor-widget-thim-heading\" data-id=\"e13af49\" data-element_type=\"widget\" data-widget_type=\"thim-heading.default\">\n\t\t\t\t<div class=\"elementor-widget-container\">\n\t\t\t<div class=\"sc_heading \"><h3 class=\"title\"> <span class=\"thim-color\">Termine<\/span><\/h3><span class=\"line\"><\/span><\/div>\t\t<\/div>\n\t\t\t\t<\/div>\n\t\t\t\t\t<\/div>\n\t\t<\/div>\n\t\t\t\t\t\t\t<\/div>\n\t\t<\/section>\n\t\t\t\t<section class=\"elementor-section elementor-top-section elementor-element elementor-element-4d5a023 elementor-section-boxed elementor-section-height-default elementor-section-height-default\" data-id=\"4d5a023\" data-element_type=\"section\">\n\t\t\t\t\t\t<div class=\"elementor-container elementor-column-gap-default\">\n\t\t\t\t\t<div class=\"elementor-column elementor-col-50 elementor-top-column elementor-element elementor-element-71db045\" data-id=\"71db045\" data-element_type=\"column\">\n\t\t\t<div class=\"elementor-widget-wrap elementor-element-populated\">\n\t\t\t\t\t\t\t\t<div class=\"elementor-element elementor-element-199df8a elementor-widget thim-ekits-heading elementor-widget-thim-heading\" data-id=\"199df8a\" data-element_type=\"widget\" data-widget_type=\"thim-heading.default\">\n\t\t\t\t<div class=\"elementor-widget-container\">\n\t\t\t<div class=\"sc_heading \"><h5 class=\"title\">Burbach - <span class=\"thim-color\">Tag der offenen T\u00fcr<\/span><\/h5><\/div>\t\t<\/div>\n\t\t\t\t<\/div>\n\t\t\t\t<div class=\"elementor-element elementor-element-589f977 elementor-widget elementor-widget-text-editor\" data-id=\"589f977\" data-element_type=\"widget\" data-widget_type=\"text-editor.default\">\n\t\t\t\t<div class=\"elementor-widget-container\">\n\t\t\t<style>\/*! elementor - v3.6.6 - 08-06-2022 *\/\n.elementor-widget-text-editor.elementor-drop-cap-view-stacked .elementor-drop-cap{background-color:#818a91;color:#fff}.elementor-widget-text-editor.elementor-drop-cap-view-framed .elementor-drop-cap{color:#818a91;border:3px solid;background-color:transparent}.elementor-widget-text-editor:not(.elementor-drop-cap-view-default) .elementor-drop-cap{margin-top:8px}.elementor-widget-text-editor:not(.elementor-drop-cap-view-default) .elementor-drop-cap-letter{width:1em;height:1em}.elementor-widget-text-editor .elementor-drop-cap{float:left;text-align:center;line-height:1;font-size:50px}.elementor-widget-text-editor .elementor-drop-cap-letter{display:inline-block}<\/style>\t\t\t\t<p><strong>Samstag, 25.11.2023 \u2013 10.00 &#8211; 13.00 Uhr im Forum, gemeinsamer Beginn<\/strong><\/p><p>Tag der offenen T\u00fcr \u2013\u00a0\u201eMini-Experimenta&#8221; f\u00fcr die Kinder und Informationsveranstaltung f\u00fcr die Eltern.<\/p>\t\t\t\t\t\t<\/div>\n\t\t\t\t<\/div>\n\t\t\t\t\t<\/div>\n\t\t<\/div>\n\t\t\t\t<div class=\"elementor-column elementor-col-50 elementor-top-column elementor-element elementor-element-7c020c1\" data-id=\"7c020c1\" data-element_type=\"column\">\n\t\t\t<div class=\"elementor-widget-wrap elementor-element-populated\">\n\t\t\t\t\t\t\t\t<div class=\"elementor-element elementor-element-cf62627 elementor-widget thim-ekits-heading elementor-widget-thim-heading\" data-id=\"cf62627\" data-element_type=\"widget\" data-widget_type=\"thim-heading.default\">\n\t\t\t\t<div class=\"elementor-widget-container\">\n\t\t\t<div class=\"sc_heading \"><h5 class=\"title\">Neunkirchen - <span class=\"thim-color\">Tag der offenen T\u00fcr<\/span><\/h5><\/div>\t\t<\/div>\n\t\t\t\t<\/div>\n\t\t\t\t<div class=\"elementor-element elementor-element-2a7daad elementor-widget elementor-widget-text-editor\" data-id=\"2a7daad\" data-element_type=\"widget\" data-widget_type=\"text-editor.default\">\n\t\t\t\t<div class=\"elementor-widget-container\">\n\t\t\t\t\t\t\t<p><strong>Samstag, 25.11.2023 \u2013 10.00 &#8211; 13.00 Uhr im Forum, gemeinsamer Beginn<\/strong><\/p><p>Tag der offenen T\u00fcr \u2013\u00a0\u201eMini-Experimenta&#8221; f\u00fcr die Kinder und Informationsveranstaltung f\u00fcr die Eltern.<\/p>\t\t\t\t\t\t<\/div>\n\t\t\t\t<\/div>\n\t\t\t\t\t<\/div>\n\t\t<\/div>\n\t\t\t\t\t\t\t<\/div>\n\t\t<\/section>\n\t\t\t\t<section class=\"elementor-section elementor-top-section elementor-element elementor-element-dd6cb00 elementor-section-boxed elementor-section-height-default elementor-section-height-default\" data-id=\"dd6cb00\" data-element_type=\"section\">\n\t\t\t\t\t\t<div class=\"elementor-container elementor-column-gap-default\">\n\t\t\t\t\t<div class=\"elementor-column elementor-col-50 elementor-top-column elementor-element elementor-element-182c4c6\" data-id=\"182c4c6\" data-element_type=\"column\">\n\t\t\t<div class=\"elementor-widget-wrap elementor-element-populated\">\n\t\t\t\t\t\t\t\t<div class=\"elementor-element elementor-element-3e938c9 elementor-widget thim-ekits-heading elementor-widget-thim-heading\" data-id=\"3e938c9\" data-element_type=\"widget\" data-widget_type=\"thim-heading.default\">\n\t\t\t\t<div class=\"elementor-widget-container\">\n\t\t\t<div class=\"sc_heading \"><h5 class=\"title\"> <span class=\"thim-color\">Anmeldung<\/span><\/h5><\/div>\t\t<\/div>\n\t\t\t\t<\/div>\n\t\t\t\t<div class=\"elementor-element elementor-element-592a7c6 elementor-widget elementor-widget-text-editor\" data-id=\"592a7c6\" data-element_type=\"widget\" data-widget_type=\"text-editor.default\">\n\t\t\t\t<div class=\"elementor-widget-container\">\n\t\t\t\t\t\t\t<p>Mittwoch, <strong>21.02.2024<\/strong> und Donnerstag, <strong>22.02.2024<\/strong><br \/><span style=\"color: var( --e-global-color-text ); font-family: var( --e-global-typography-text-font-family ), Sans-serif; background: var(--thim-body-bg-color); font-size: var(--thim-font-body-font-size);\">jeweils 8.00 \u2013 18.00 Uhr in\u00a0<\/span>der Verwaltung.<\/p><p>Bitte mitbringen:<\/p>\t\t\t\t\t\t<\/div>\n\t\t\t\t<\/div>\n\t\t\t\t<div class=\"elementor-element elementor-element-f759736 elementor-icon-list--layout-traditional elementor-list-item-link-full_width elementor-widget elementor-widget-icon-list\" data-id=\"f759736\" data-element_type=\"widget\" data-widget_type=\"icon-list.default\">\n\t\t\t\t<div class=\"elementor-widget-container\">\n\t\t\t<link rel=\"stylesheet\" href=\"https:\/\/test.loris.tv\/gms\/wp-content\/uploads\/elementor\/css\/custom-widget-icon-list.min.css?ver=1700608049\">\t\t<ul class=\"elementor-icon-list-items\">\n\t\t\t\t\t\t\t<li class=\"elementor-icon-list-item\">\n\t\t\t\t\t\t\t\t\t\t\t<span class=\"elementor-icon-list-icon\">\n\t\t\t\t\t\t\t<i aria-hidden=\"true\" class=\"fas fa-check\"><\/i>\t\t\t\t\t\t<\/span>\n\t\t\t\t\t\t\t\t\t\t<span class=\"elementor-icon-list-text\">Ihr anzumeldendes Kind<\/span>\n\t\t\t\t\t\t\t\t\t<\/li>\n\t\t\t\t\t\t\t\t<li class=\"elementor-icon-list-item\">\n\t\t\t\t\t\t\t\t\t\t\t<span class=\"elementor-icon-list-icon\">\n\t\t\t\t\t\t\t<i aria-hidden=\"true\" class=\"fas fa-check\"><\/i>\t\t\t\t\t\t<\/span>\n\t\t\t\t\t\t\t\t\t\t<span class=\"elementor-icon-list-text\">Geburtsurkunde ihres Kindes<\/span>\n\t\t\t\t\t\t\t\t\t<\/li>\n\t\t\t\t\t\t\t\t<li class=\"elementor-icon-list-item\">\n\t\t\t\t\t\t\t\t\t\t\t<span class=\"elementor-icon-list-icon\">\n\t\t\t\t\t\t\t<i aria-hidden=\"true\" class=\"fas fa-check\"><\/i>\t\t\t\t\t\t<\/span>\n\t\t\t\t\t\t\t\t\t\t<span class=\"elementor-icon-list-text\">Halbjahreszeugnis Klasse 4<\/span>\n\t\t\t\t\t\t\t\t\t<\/li>\n\t\t\t\t\t\t\t\t<li class=\"elementor-icon-list-item\">\n\t\t\t\t\t\t\t\t\t\t\t<span class=\"elementor-icon-list-icon\">\n\t\t\t\t\t\t\t<i aria-hidden=\"true\" class=\"fas fa-check\"><\/i>\t\t\t\t\t\t<\/span>\n\t\t\t\t\t\t\t\t\t\t<span class=\"elementor-icon-list-text\">Anmeldeschein<\/span>\n\t\t\t\t\t\t\t\t\t<\/li>\n\t\t\t\t\t\t<\/ul>\n\t\t\t\t<\/div>\n\t\t\t\t<\/div>\n\t\t\t\t\t<\/div>\n\t\t<\/div>\n\t\t\t\t<div class=\"elementor-column elementor-col-50 elementor-top-column elementor-element elementor-element-7521673\" data-id=\"7521673\" data-element_type=\"column\">\n\t\t\t<div class=\"elementor-widget-wrap elementor-element-populated\">\n\t\t\t\t\t\t\t\t<div class=\"elementor-element elementor-element-ee68323 elementor-widget thim-ekits-heading elementor-widget-thim-heading\" data-id=\"ee68323\" data-element_type=\"widget\" data-widget_type=\"thim-heading.default\">\n\t\t\t\t<div class=\"elementor-widget-container\">\n\t\t\t<div class=\"sc_heading \"><h5 class=\"title\"> <span class=\"thim-color\">Anmeldung<\/span><\/h5><\/div>\t\t<\/div>\n\t\t\t\t<\/div>\n\t\t\t\t<div class=\"elementor-element elementor-element-7dddd5d elementor-widget elementor-widget-text-editor\" data-id=\"7dddd5d\" data-element_type=\"widget\" data-widget_type=\"text-editor.default\">\n\t\t\t\t<div class=\"elementor-widget-container\">\n\t\t\t\t\t\t\t<p>Montag, <strong>19.02.2024<\/strong> und\u00a0Dienstag, <strong>20.02.2024<\/strong><br \/><span style=\"color: var( --e-global-color-text ); font-family: var( --e-global-typography-text-font-family ), Sans-serif; background: var(--thim-body-bg-color); font-size: var(--thim-font-body-font-size);\">jeweils 8.00 \u2013 18.00 Uhr in\u00a0<\/span>der Verwaltung.<\/p><p>Bitte mitbringen:<\/p>\t\t\t\t\t\t<\/div>\n\t\t\t\t<\/div>\n\t\t\t\t<div class=\"elementor-element elementor-element-88919e7 elementor-icon-list--layout-traditional elementor-list-item-link-full_width elementor-widget elementor-widget-icon-list\" data-id=\"88919e7\" data-element_type=\"widget\" data-widget_type=\"icon-list.default\">\n\t\t\t\t<div class=\"elementor-widget-container\">\n\t\t\t\t\t<ul class=\"elementor-icon-list-items\">\n\t\t\t\t\t\t\t<li class=\"elementor-icon-list-item\">\n\t\t\t\t\t\t\t\t\t\t\t<span class=\"elementor-icon-list-icon\">\n\t\t\t\t\t\t\t<i aria-hidden=\"true\" class=\"fas fa-check\"><\/i>\t\t\t\t\t\t<\/span>\n\t\t\t\t\t\t\t\t\t\t<span class=\"elementor-icon-list-text\">Ihr anzumeldendes Kind<\/span>\n\t\t\t\t\t\t\t\t\t<\/li>\n\t\t\t\t\t\t\t\t<li class=\"elementor-icon-list-item\">\n\t\t\t\t\t\t\t\t\t\t\t<span class=\"elementor-icon-list-icon\">\n\t\t\t\t\t\t\t<i aria-hidden=\"true\" class=\"fas fa-check\"><\/i>\t\t\t\t\t\t<\/span>\n\t\t\t\t\t\t\t\t\t\t<span class=\"elementor-icon-list-text\">Geburtsurkunde ihres Kindes<\/span>\n\t\t\t\t\t\t\t\t\t<\/li>\n\t\t\t\t\t\t\t\t<li class=\"elementor-icon-list-item\">\n\t\t\t\t\t\t\t\t\t\t\t<span class=\"elementor-icon-list-icon\">\n\t\t\t\t\t\t\t<i aria-hidden=\"true\" class=\"fas fa-check\"><\/i>\t\t\t\t\t\t<\/span>\n\t\t\t\t\t\t\t\t\t\t<span class=\"elementor-icon-list-text\">Halbjahreszeugnis Klasse 4<\/span>\n\t\t\t\t\t\t\t\t\t<\/li>\n\t\t\t\t\t\t\t\t<li class=\"elementor-icon-list-item\">\n\t\t\t\t\t\t\t\t\t\t\t<span class=\"elementor-icon-list-icon\">\n\t\t\t\t\t\t\t<i aria-hidden=\"true\" class=\"fas fa-check\"><\/i>\t\t\t\t\t\t<\/span>\n\t\t\t\t\t\t\t\t\t\t<span class=\"elementor-icon-list-text\">Anmeldeschein<\/span>\n\t\t\t\t\t\t\t\t\t<\/li>\n\t\t\t\t\t\t<\/ul>\n\t\t\t\t<\/div>\n\t\t\t\t<\/div>\n\t\t\t\t\t<\/div>\n\t\t<\/div>\n\t\t\t\t\t\t\t<\/div>\n\t\t<\/section>\n\t\t\t\t<section class=\"elementor-section elementor-top-section elementor-element elementor-element-539b8ce elementor-section-boxed elementor-section-height-default elementor-section-height-default\" data-id=\"539b8ce\" data-element_type=\"section\">\n\t\t\t\t\t\t<div class=\"elementor-container elementor-column-gap-default\">\n\t\t\t\t\t<div class=\"elementor-column elementor-col-100 elementor-top-column elementor-element elementor-element-4209916\" data-id=\"4209916\" data-element_type=\"column\">\n\t\t\t<div class=\"elementor-widget-wrap elementor-element-populated\">\n\t\t\t\t\t\t\t\t<div class=\"elementor-element elementor-element-3556f25 elementor-widget-divider--view-line elementor-widget elementor-widget-divider\" data-id=\"3556f25\" data-element_type=\"widget\" data-widget_type=\"divider.default\">\n\t\t\t\t<div class=\"elementor-widget-container\">\n\t\t\t<style>\/*! elementor - v3.6.6 - 08-06-2022 *\/\n.elementor-widget-divider{--divider-border-style:none;--divider-border-width:1px;--divider-color:#2c2c2c;--divider-icon-size:20px;--divider-element-spacing:10px;--divider-pattern-height:24px;--divider-pattern-size:20px;--divider-pattern-url:none;--divider-pattern-repeat:repeat-x}.elementor-widget-divider .elementor-divider{display:-webkit-box;display:-ms-flexbox;display:flex}.elementor-widget-divider .elementor-divider__text{font-size:15px;line-height:1;max-width:95%}.elementor-widget-divider .elementor-divider__element{margin:0 var(--divider-element-spacing);-ms-flex-negative:0;flex-shrink:0}.elementor-widget-divider .elementor-icon{font-size:var(--divider-icon-size)}.elementor-widget-divider .elementor-divider-separator{display:-webkit-box;display:-ms-flexbox;display:flex;margin:0;direction:ltr}.elementor-widget-divider--view-line_icon .elementor-divider-separator,.elementor-widget-divider--view-line_text .elementor-divider-separator{-webkit-box-align:center;-ms-flex-align:center;align-items:center}.elementor-widget-divider--view-line_icon .elementor-divider-separator:after,.elementor-widget-divider--view-line_icon .elementor-divider-separator:before,.elementor-widget-divider--view-line_text .elementor-divider-separator:after,.elementor-widget-divider--view-line_text .elementor-divider-separator:before{display:block;content:\"\";border-bottom:0;-webkit-box-flex:1;-ms-flex-positive:1;flex-grow:1;border-top:var(--divider-border-width) var(--divider-border-style) var(--divider-color)}.elementor-widget-divider--element-align-left .elementor-divider .elementor-divider-separator>.elementor-divider__svg:first-of-type{-webkit-box-flex:0;-ms-flex-positive:0;flex-grow:0;-ms-flex-negative:100;flex-shrink:100}.elementor-widget-divider--element-align-left .elementor-divider-separator:before{content:none}.elementor-widget-divider--element-align-left .elementor-divider__element{margin-left:0}.elementor-widget-divider--element-align-right .elementor-divider .elementor-divider-separator>.elementor-divider__svg:last-of-type{-webkit-box-flex:0;-ms-flex-positive:0;flex-grow:0;-ms-flex-negative:100;flex-shrink:100}.elementor-widget-divider--element-align-right .elementor-divider-separator:after{content:none}.elementor-widget-divider--element-align-right .elementor-divider__element{margin-right:0}.elementor-widget-divider:not(.elementor-widget-divider--view-line_text):not(.elementor-widget-divider--view-line_icon) .elementor-divider-separator{border-top:var(--divider-border-width) var(--divider-border-style) var(--divider-color)}.elementor-widget-divider--separator-type-pattern{--divider-border-style:none}.elementor-widget-divider--separator-type-pattern.elementor-widget-divider--view-line .elementor-divider-separator,.elementor-widget-divider--separator-type-pattern:not(.elementor-widget-divider--view-line) .elementor-divider-separator:after,.elementor-widget-divider--separator-type-pattern:not(.elementor-widget-divider--view-line) .elementor-divider-separator:before,.elementor-widget-divider--separator-type-pattern:not([class*=elementor-widget-divider--view]) .elementor-divider-separator{width:100%;min-height:var(--divider-pattern-height);-webkit-mask-size:var(--divider-pattern-size) 100%;mask-size:var(--divider-pattern-size) 100%;-webkit-mask-repeat:var(--divider-pattern-repeat);mask-repeat:var(--divider-pattern-repeat);background-color:var(--divider-color);-webkit-mask-image:var(--divider-pattern-url);mask-image:var(--divider-pattern-url)}.elementor-widget-divider--no-spacing{--divider-pattern-size:auto}.elementor-widget-divider--bg-round{--divider-pattern-repeat:round}.rtl .elementor-widget-divider .elementor-divider__text{direction:rtl}<\/style>\t\t<div class=\"elementor-divider\">\n\t\t\t<span class=\"elementor-divider-separator\">\n\t\t\t\t\t\t<\/span>\n\t\t<\/div>\n\t\t\t\t<\/div>\n\t\t\t\t<\/div>\n\t\t\t\t<div class=\"elementor-element elementor-element-75f729f elementor-widget thim-ekits-heading elementor-widget-thim-heading\" data-id=\"75f729f\" data-element_type=\"widget\" data-widget_type=\"thim-heading.default\">\n\t\t\t\t<div class=\"elementor-widget-container\">\n\t\t\t<div class=\"sc_heading \"><h3 class=\"title\"> <span class=\"thim-color\">Dokumente<\/span><\/h3><span class=\"line\"><\/span><\/div>\t\t<\/div>\n\t\t\t\t<\/div>\n\t\t\t\t\t<\/div>\n\t\t<\/div>\n\t\t\t\t\t\t\t<\/div>\n\t\t<\/section>\n\t\t\t\t<section class=\"elementor-section elementor-top-section elementor-element elementor-element-9cedb27 elementor-section-boxed elementor-section-height-default elementor-section-height-default\" data-id=\"9cedb27\" data-element_type=\"section\">\n\t\t\t\t\t\t<div class=\"elementor-container elementor-column-gap-default\">\n\t\t\t\t\t<div class=\"elementor-column elementor-col-100 elementor-top-column elementor-element elementor-element-b6787c4\" data-id=\"b6787c4\" data-element_type=\"column\">\n\t\t\t<div class=\"elementor-widget-wrap elementor-element-populated\">\n\t\t\t\t\t\t\t\t<div class=\"elementor-element elementor-element-3770681 elementor-widget-divider--view-line elementor-widget elementor-widget-divider\" data-id=\"3770681\" data-element_type=\"widget\" data-widget_type=\"divider.default\">\n\t\t\t\t<div class=\"elementor-widget-container\">\n\t\t\t\t\t<div class=\"elementor-divider\">\n\t\t\t<span class=\"elementor-divider-separator\">\n\t\t\t\t\t\t<\/span>\n\t\t<\/div>\n\t\t\t\t<\/div>\n\t\t\t\t<\/div>\n\t\t\t\t<div class=\"elementor-element elementor-element-1d8ad2e elementor-widget thim-ekits-heading elementor-widget-thim-heading\" data-id=\"1d8ad2e\" data-element_type=\"widget\" data-widget_type=\"thim-heading.default\">\n\t\t\t\t<div class=\"elementor-widget-container\">\n\t\t\t<div class=\"sc_heading \"><h4 class=\"title\">FAQ \u2013  <span class=\"thim-color\">Informationen f\u00fcr die Sch\u00fcler*innen der derzeitigen 4. Schuljahre und deren Eltern<\/span><\/h4><span class=\"line\"><\/span><\/div>\t\t<\/div>\n\t\t\t\t<\/div>\n\t\t\t\t<div class=\"elementor-element elementor-element-004a092 elementor-widget elementor-widget-thim-accordion\" data-id=\"004a092\" data-element_type=\"widget\" data-widget_type=\"thim-accordion.default\">\n\t\t\t\t<div class=\"elementor-widget-container\">\n\t\t\t<div class=\"thim-widget-accordion accordion-new-style\"><div id=\"accordion_004a092\" class=\"panel-group\" role=\"tablist\" aria-multiselectable=\"true\">\n\t\t\t<div class=\"panel panel-default\">\n\t\t\t\t<div class=\"panel-heading\" role=\"tab\"\n\t\t\t\t\t id=\"heading_accordion_004a092_0\">\n\t\t\t\t\t<h4 class=\"panel-title\">\n\t\t\t\t\t\t<a role=\"button\" class=\"collapsed\" data-toggle=\"collapse\"\n\t\t\t\t\t\t   data-parent=\"#accordion_004a092\"\n\t\t\t\t\t\t   href=\"#collapse_accordion_004a092_0\" aria-expanded=\"false\"\n\t\t\t\t\t\t   aria-controls=\"collapse_accordion_004a092_0\">\n\t\t\t\t\t\t\tDie Gemeinschaftliche Sekundarschule Burbach-Neunkirchen hat 2 Standorte. Muss mein Kind zwischen den beiden Standorten pendeln?\t\t\t\t\t\t<\/a>\n\t\t\t\t\t<\/h4>\n\t\t\t\t<\/div>\n\t\t\t\t<div id=\"collapse_accordion_004a092_0\"\n\t\t\t\t\t class=\"panel-collapse collapse\"\n\t\t\t\t\t role=\"tabpanel\" aria-labelledby=\"heading_accordion_004a092_0\">\n\t\t\t\t\t<div class=\"panel-body\">\n\t\t\t\t\t\t<p>Nein! An beiden Standorten werden alle F\u00e4cher abgedeckt. Ein Pendeln ist nicht n\u00f6tig!<\/p>\n\t\t\t\t\t<\/div>\n\t\t\t\t<\/div>\n\t\t\t<\/div>\n\n\t\t\n\t\t\t<div class=\"panel panel-default\">\n\t\t\t\t<div class=\"panel-heading\" role=\"tab\"\n\t\t\t\t\t id=\"heading_accordion_004a092_1\">\n\t\t\t\t\t<h4 class=\"panel-title\">\n\t\t\t\t\t\t<a role=\"button\" class=\"collapsed\" data-toggle=\"collapse\"\n\t\t\t\t\t\t   data-parent=\"#accordion_004a092\"\n\t\t\t\t\t\t   href=\"#collapse_accordion_004a092_1\" aria-expanded=\"false\"\n\t\t\t\t\t\t   aria-controls=\"collapse_accordion_004a092_1\">\n\t\t\t\t\t\t\tFindet an jedem Wochentag Nachmittagsunterricht statt?\t\t\t\t\t\t<\/a>\n\t\t\t\t\t<\/h4>\n\t\t\t\t<\/div>\n\t\t\t\t<div id=\"collapse_accordion_004a092_1\"\n\t\t\t\t\t class=\"panel-collapse collapse\"\n\t\t\t\t\t role=\"tabpanel\" aria-labelledby=\"heading_accordion_004a092_1\">\n\t\t\t\t\t<div class=\"panel-body\">\n\t\t\t\t\t\t<p>Nein. Wir haben an unserer Schule 3 verbindliche \u201elange\u201c Tage (Montag, Mittwoch und Donnerstag). Dienstags und freitags endet der Unterricht nach der 6. Stunde, in Burbach um 13.20 Uhr und in Neunkirchen um 12.50 Uhr.<\/p>\n\t\t\t\t\t<\/div>\n\t\t\t\t<\/div>\n\t\t\t<\/div>\n\n\t\t\n\t\t\t<div class=\"panel panel-default\">\n\t\t\t\t<div class=\"panel-heading\" role=\"tab\"\n\t\t\t\t\t id=\"heading_accordion_004a092_2\">\n\t\t\t\t\t<h4 class=\"panel-title\">\n\t\t\t\t\t\t<a role=\"button\" class=\"collapsed\" data-toggle=\"collapse\"\n\t\t\t\t\t\t   data-parent=\"#accordion_004a092\"\n\t\t\t\t\t\t   href=\"#collapse_accordion_004a092_2\" aria-expanded=\"false\"\n\t\t\t\t\t\t   aria-controls=\"collapse_accordion_004a092_2\">\n\t\t\t\t\t\t\tWelche Abschl\u00fcsse sind an der Gemeinschaftlichen Sekundarschule Burbach-Neunkirchen m\u00f6glich?\t\t\t\t\t\t<\/a>\n\t\t\t\t\t<\/h4>\n\t\t\t\t<\/div>\n\t\t\t\t<div id=\"collapse_accordion_004a092_2\"\n\t\t\t\t\t class=\"panel-collapse collapse\"\n\t\t\t\t\t role=\"tabpanel\" aria-labelledby=\"heading_accordion_004a092_2\">\n\t\t\t\t\t<div class=\"panel-body\">\n\t\t\t\t\t\t<p>Alle Abschl\u00fcsse der Sekundarstufe I (vom Hauptschulabschluss bis zum Mittleren Abschluss mit der Berechtigung zum Besuch einer gymnasialen Oberstufe) sind m\u00f6glich.<\/p>\n\t\t\t\t\t<\/div>\n\t\t\t\t<\/div>\n\t\t\t<\/div>\n\n\t\t\n\t\t\t<div class=\"panel panel-default\">\n\t\t\t\t<div class=\"panel-heading\" role=\"tab\"\n\t\t\t\t\t id=\"heading_accordion_004a092_3\">\n\t\t\t\t\t<h4 class=\"panel-title\">\n\t\t\t\t\t\t<a role=\"button\" class=\"collapsed\" data-toggle=\"collapse\"\n\t\t\t\t\t\t   data-parent=\"#accordion_004a092\"\n\t\t\t\t\t\t   href=\"#collapse_accordion_004a092_3\" aria-expanded=\"false\"\n\t\t\t\t\t\t   aria-controls=\"collapse_accordion_004a092_3\">\n\t\t\t\t\t\t\tWie wird der jeweilige Abschluss ermittelt?\t\t\t\t\t\t<\/a>\n\t\t\t\t\t<\/h4>\n\t\t\t\t<\/div>\n\t\t\t\t<div id=\"collapse_accordion_004a092_3\"\n\t\t\t\t\t class=\"panel-collapse collapse\"\n\t\t\t\t\t role=\"tabpanel\" aria-labelledby=\"heading_accordion_004a092_3\">\n\t\t\t\t\t<div class=\"panel-body\">\n\t\t\t\t\t\t<p>Im Mittelstufenzweig ab Klasse 7 werden die Hauptf\u00e4cher (Deutsch, Mathematik und Englisch) auf Grund- bzw. Erweiterungsniveau unterrichtet, ab Klasse 9 auch eine Naturwissenschaft. Einfach ausgedr\u00fcckt: Die Anzahl der Erweiterungskurse (z. B. 2 Erweiterungskurse = Mittlerer Bildungsabschluss) bestimmen den erreichten Abschluss. Im Gymnasialzweig berechtigt die Versetzung in die Jahrgangsstufe 11 zum Besuch der gymnasialen Oberstufe.<\/p>\n\t\t\t\t\t<\/div>\n\t\t\t\t<\/div>\n\t\t\t<\/div>\n\n\t\t\n\t\t\t<div class=\"panel panel-default\">\n\t\t\t\t<div class=\"panel-heading\" role=\"tab\"\n\t\t\t\t\t id=\"heading_accordion_004a092_4\">\n\t\t\t\t\t<h4 class=\"panel-title\">\n\t\t\t\t\t\t<a role=\"button\" class=\"collapsed\" data-toggle=\"collapse\"\n\t\t\t\t\t\t   data-parent=\"#accordion_004a092\"\n\t\t\t\t\t\t   href=\"#collapse_accordion_004a092_4\" aria-expanded=\"false\"\n\t\t\t\t\t\t   aria-controls=\"collapse_accordion_004a092_4\">\n\t\t\t\t\t\t\tKann man an der Gemeinschaftlichen Sekundarschule Burbach- Neunkirchen die gymnasiale Oberstufe besuchen?\t\t\t\t\t\t<\/a>\n\t\t\t\t\t<\/h4>\n\t\t\t\t<\/div>\n\t\t\t\t<div id=\"collapse_accordion_004a092_4\"\n\t\t\t\t\t class=\"panel-collapse collapse\"\n\t\t\t\t\t role=\"tabpanel\" aria-labelledby=\"heading_accordion_004a092_4\">\n\t\t\t\t\t<div class=\"panel-body\">\n\t\t\t\t\t\t<p>Nein, aber wir haben Kooperationsvertr\u00e4ge mit den umliegenden Gymnasien geschlossen. Damit haben die Sch\u00fclerinnen und Sch\u00fcler, die die Voraussetzungen erf\u00fcllen, einen Schulplatz z. B. am DBG Neunkirchen und an den Siegener Berufskollegs, sicher. Bisher sind alle unsere Abgangssch\u00fcler an allen gymnasialen Oberstufen gerne angenommen worden und haben ihr Abitur bestanden.<\/p>\n\t\t\t\t\t<\/div>\n\t\t\t\t<\/div>\n\t\t\t<\/div>\n\n\t\t\n\t\t\t<div class=\"panel panel-default\">\n\t\t\t\t<div class=\"panel-heading\" role=\"tab\"\n\t\t\t\t\t id=\"heading_accordion_004a092_5\">\n\t\t\t\t\t<h4 class=\"panel-title\">\n\t\t\t\t\t\t<a role=\"button\" class=\"collapsed\" data-toggle=\"collapse\"\n\t\t\t\t\t\t   data-parent=\"#accordion_004a092\"\n\t\t\t\t\t\t   href=\"#collapse_accordion_004a092_5\" aria-expanded=\"false\"\n\t\t\t\t\t\t   aria-controls=\"collapse_accordion_004a092_5\">\n\t\t\t\t\t\t\tWelche Fremdsprachen werden an der Gemeinschaftlichen Sekundarschule Burbach-Neunkirchen angeboten?\t\t\t\t\t\t<\/a>\n\t\t\t\t\t<\/h4>\n\t\t\t\t<\/div>\n\t\t\t\t<div id=\"collapse_accordion_004a092_5\"\n\t\t\t\t\t class=\"panel-collapse collapse\"\n\t\t\t\t\t role=\"tabpanel\" aria-labelledby=\"heading_accordion_004a092_5\">\n\t\t\t\t\t<div class=\"panel-body\">\n\t\t\t\t\t\t<p>Bereits in der Jahrgangsstufe 6 lernen alle Sch\u00fclerinnen und Sch\u00fcler die Sprachen Franz\u00f6sisch und Chinesisch kennen. Ab Jahrgangsstufe 7 k\u00f6nnen diese beiden Sprachen gew\u00e4hlt werden. Im Mittelstufenzweig muss keine 2. Fremdsprach belegt werden, im Gymnasialzweig ist die 2. Fremdsprache verpflichtend (4. Hauptfach!).<\/p>\n\t\t\t\t\t<\/div>\n\t\t\t\t<\/div>\n\t\t\t<\/div>\n\n\t\t\n\t\t\t<div class=\"panel panel-default\">\n\t\t\t\t<div class=\"panel-heading\" role=\"tab\"\n\t\t\t\t\t id=\"heading_accordion_004a092_6\">\n\t\t\t\t\t<h4 class=\"panel-title\">\n\t\t\t\t\t\t<a role=\"button\" class=\"collapsed\" data-toggle=\"collapse\"\n\t\t\t\t\t\t   data-parent=\"#accordion_004a092\"\n\t\t\t\t\t\t   href=\"#collapse_accordion_004a092_6\" aria-expanded=\"false\"\n\t\t\t\t\t\t   aria-controls=\"collapse_accordion_004a092_6\">\n\t\t\t\t\t\t\tGibt es einen inhaltlichen Unterschied zwischen dem traditionellen Gymnasium und dem Gymnasialzweig der Gemeinschaftlichen Sekundarschule Burbach-Neunkirchen?\t\t\t\t\t\t<\/a>\n\t\t\t\t\t<\/h4>\n\t\t\t\t<\/div>\n\t\t\t\t<div id=\"collapse_accordion_004a092_6\"\n\t\t\t\t\t class=\"panel-collapse collapse\"\n\t\t\t\t\t role=\"tabpanel\" aria-labelledby=\"heading_accordion_004a092_6\">\n\t\t\t\t\t<div class=\"panel-body\">\n\t\t\t\t\t\t<p>Nein. Die Ausbildungsverordnung f\u00fcr Gymnasien gilt auch f\u00fcr unseren Gymnasialzweig, genauso wie die Versetzungsverordnung. An der Gemeinschaftlichen Sekundarschule Burbach-Neunkirchen haben wir eine sehr gute personelle Ressource und k\u00f6nnen die Sch\u00fclerinnen und Sch\u00fcler passgenau f\u00f6rdern.<\/p>\n\t\t\t\t\t<\/div>\n\t\t\t\t<\/div>\n\t\t\t<\/div>\n\n\t\t\n\t\t\t<div class=\"panel panel-default\">\n\t\t\t\t<div class=\"panel-heading\" role=\"tab\"\n\t\t\t\t\t id=\"heading_accordion_004a092_7\">\n\t\t\t\t\t<h4 class=\"panel-title\">\n\t\t\t\t\t\t<a role=\"button\" class=\"collapsed\" data-toggle=\"collapse\"\n\t\t\t\t\t\t   data-parent=\"#accordion_004a092\"\n\t\t\t\t\t\t   href=\"#collapse_accordion_004a092_7\" aria-expanded=\"false\"\n\t\t\t\t\t\t   aria-controls=\"collapse_accordion_004a092_7\">\n\t\t\t\t\t\t\tVerf\u00fcgt die Gemeinschaftlichen Sekundarschule Burbach-Neunkirchen \u00fcber eine gute Ausstattung?\t\t\t\t\t\t<\/a>\n\t\t\t\t\t<\/h4>\n\t\t\t\t<\/div>\n\t\t\t\t<div id=\"collapse_accordion_004a092_7\"\n\t\t\t\t\t class=\"panel-collapse collapse\"\n\t\t\t\t\t role=\"tabpanel\" aria-labelledby=\"heading_accordion_004a092_7\">\n\t\t\t\t\t<div class=\"panel-body\">\n\t\t\t\t\t\t<p>Gerne w\u00fcrden wir Ihnen die Geb\u00e4ude bei einem gemeinsamen Rundgang vorstellen, was leider momentan nicht m\u00f6glich ist. Beide Gemeinden haben in den letzten Jahren viel Geld f\u00fcr ihre Schulen ausgegeben. Bis zur Einschulung ihres Kindes sind alle Klassen- bzw. Fachr\u00e4ume mit Smartboards ausgestattet. Die Anzahl der digitalen Endger\u00e4te wird st\u00e4ndig erweitert. In der Corona-Krise verleihen wir Endger\u00e4te an Sch\u00fclerinnen und Sch\u00fcler, damit sie diese im Distanzunterricht nutzen k\u00f6nnen. Beide Standorte verf\u00fcgen \u00fcber neue Mensen, in denen \u201efrisches\u201c Essen gekocht wird.<\/p>\n\t\t\t\t\t<\/div>\n\t\t\t\t<\/div>\n\t\t\t<\/div>\n\n\t\t\n\t\t\t<div class=\"panel panel-default\">\n\t\t\t\t<div class=\"panel-heading\" role=\"tab\"\n\t\t\t\t\t id=\"heading_accordion_004a092_8\">\n\t\t\t\t\t<h4 class=\"panel-title\">\n\t\t\t\t\t\t<a role=\"button\" class=\"collapsed\" data-toggle=\"collapse\"\n\t\t\t\t\t\t   data-parent=\"#accordion_004a092\"\n\t\t\t\t\t\t   href=\"#collapse_accordion_004a092_8\" aria-expanded=\"false\"\n\t\t\t\t\t\t   aria-controls=\"collapse_accordion_004a092_8\">\n\t\t\t\t\t\t\tF\u00e4llt Unterricht wegen fehlender Lehrpersonen aus?\t\t\t\t\t\t<\/a>\n\t\t\t\t\t<\/h4>\n\t\t\t\t<\/div>\n\t\t\t\t<div id=\"collapse_accordion_004a092_8\"\n\t\t\t\t\t class=\"panel-collapse collapse\"\n\t\t\t\t\t role=\"tabpanel\" aria-labelledby=\"heading_accordion_004a092_8\">\n\t\t\t\t\t<div class=\"panel-body\">\n\t\t\t\t\t\t<p>Nein. Alle Stunden finden verbindlich statt und werden vertreten.<\/p>\n\t\t\t\t\t<\/div>\n\t\t\t\t<\/div>\n\t\t\t<\/div>\n\n\t\t\n\t\t\t<div class=\"panel panel-default\">\n\t\t\t\t<div class=\"panel-heading\" role=\"tab\"\n\t\t\t\t\t id=\"heading_accordion_004a092_9\">\n\t\t\t\t\t<h4 class=\"panel-title\">\n\t\t\t\t\t\t<a role=\"button\" class=\"collapsed\" data-toggle=\"collapse\"\n\t\t\t\t\t\t   data-parent=\"#accordion_004a092\"\n\t\t\t\t\t\t   href=\"#collapse_accordion_004a092_9\" aria-expanded=\"false\"\n\t\t\t\t\t\t   aria-controls=\"collapse_accordion_004a092_9\">\n\t\t\t\t\t\t\tWie geht die Gemeinschaftlichen Sekundarschule Burbach-Neunkirchen mit den Themen \u201eLRS\u201c und \u201eDyskalkulie\u201c um?\t\t\t\t\t\t<\/a>\n\t\t\t\t\t<\/h4>\n\t\t\t\t<\/div>\n\t\t\t\t<div id=\"collapse_accordion_004a092_9\"\n\t\t\t\t\t class=\"panel-collapse collapse\"\n\t\t\t\t\t role=\"tabpanel\" aria-labelledby=\"heading_accordion_004a092_9\">\n\t\t\t\t\t<div class=\"panel-body\">\n\t\t\t\t\t\t<p>Nat\u00fcrlich bekommen die betroffenen Sch\u00fclerinnen und Sch\u00fcler einen Nachteilsausgleich bei der Ermittlung der jeweiligen Leistungsnoten. Weiterhin f\u00fchren wir kostenlose LRS- und Dyskalkulie Testungen und eine F\u00f6rderung durch zertifizierte Legasthenie-Trainerinnen durch.<\/p>\n\t\t\t\t\t<\/div>\n\t\t\t\t<\/div>\n\t\t\t<\/div>\n\n\t\t\n\t\t\t<div class=\"panel panel-default\">\n\t\t\t\t<div class=\"panel-heading\" role=\"tab\"\n\t\t\t\t\t id=\"heading_accordion_004a092_10\">\n\t\t\t\t\t<h4 class=\"panel-title\">\n\t\t\t\t\t\t<a role=\"button\" class=\"collapsed\" data-toggle=\"collapse\"\n\t\t\t\t\t\t   data-parent=\"#accordion_004a092\"\n\t\t\t\t\t\t   href=\"#collapse_accordion_004a092_10\" aria-expanded=\"false\"\n\t\t\t\t\t\t   aria-controls=\"collapse_accordion_004a092_10\">\n\t\t\t\t\t\t\tGibt es Hausaufgaben?\t\t\t\t\t\t<\/a>\n\t\t\t\t\t<\/h4>\n\t\t\t\t<\/div>\n\t\t\t\t<div id=\"collapse_accordion_004a092_10\"\n\t\t\t\t\t class=\"panel-collapse collapse\"\n\t\t\t\t\t role=\"tabpanel\" aria-labelledby=\"heading_accordion_004a092_10\">\n\t\t\t\t\t<div class=\"panel-body\">\n\t\t\t\t\t\t<p>In den EVA-Stunden kann ihr Kind unter Anleitung einer Lehrkraft Aufgaben zu Ende bringen, \u00fcben, sich noch etwas erkl\u00e4ren lassen. Sicherlich gibt es aber durchaus Arbeiten, die auch zuhause erledigt werden m\u00fcssen, wie z. B. das Lernen von Vokabeln, das \u00dcben f\u00fcr Klassenarbeiten und Tests, das Erledigen von Aufgaben zur Festigung des Gelernten. Dies gilt besonders f\u00fcr den Gymnasialzweig.<\/p>\n\t\t\t\t\t<\/div>\n\t\t\t\t<\/div>\n\t\t\t<\/div>\n\n\t\t\n\t\t\t<div class=\"panel panel-default\">\n\t\t\t\t<div class=\"panel-heading\" role=\"tab\"\n\t\t\t\t\t id=\"heading_accordion_004a092_11\">\n\t\t\t\t\t<h4 class=\"panel-title\">\n\t\t\t\t\t\t<a role=\"button\" class=\"collapsed\" data-toggle=\"collapse\"\n\t\t\t\t\t\t   data-parent=\"#accordion_004a092\"\n\t\t\t\t\t\t   href=\"#collapse_accordion_004a092_11\" aria-expanded=\"false\"\n\t\t\t\t\t\t   aria-controls=\"collapse_accordion_004a092_11\">\n\t\t\t\t\t\t\t\u00dcber welche F\u00f6rderm\u00f6glichkeiten verf\u00fcgt die Gemeinschaftliche Sekundarschule Burbach-Neunkirchen?\t\t\t\t\t\t<\/a>\n\t\t\t\t\t<\/h4>\n\t\t\t\t<\/div>\n\t\t\t\t<div id=\"collapse_accordion_004a092_11\"\n\t\t\t\t\t class=\"panel-collapse collapse\"\n\t\t\t\t\t role=\"tabpanel\" aria-labelledby=\"heading_accordion_004a092_11\">\n\t\t\t\t\t<div class=\"panel-body\">\n\t\t\t\t\t\t<p>Durch geeignete Ma\u00dfnahmen der Differenzierung werden die Sch\u00fclerinnen und Sch\u00fcler in jeder Unterrichtsstunde gef\u00f6rdert, aber auch gefordert. In den EVA-Stunden (Eigenverantwortliches Lernen = Arbeitsstunden) bekommen alle Sch\u00fclerinnen und Sch\u00fcler Hilfe von den Klassen- bzw. Fachlehrern. Weiterhin finden im Anschluss an den Schultag sogenannte Lernclubs (LC) statt. Hier k\u00f6nnen sich die Sch\u00fclerinnen und Sch\u00fcler nochmals Hilfe holen bzw. Gelerntes festigen.<\/p>\n\t\t\t\t\t<\/div>\n\t\t\t\t<\/div>\n\t\t\t<\/div>\n\n\t\t\n\t\t\t<div class=\"panel panel-default\">\n\t\t\t\t<div class=\"panel-heading\" role=\"tab\"\n\t\t\t\t\t id=\"heading_accordion_004a092_12\">\n\t\t\t\t\t<h4 class=\"panel-title\">\n\t\t\t\t\t\t<a role=\"button\" class=\"collapsed\" data-toggle=\"collapse\"\n\t\t\t\t\t\t   data-parent=\"#accordion_004a092\"\n\t\t\t\t\t\t   href=\"#collapse_accordion_004a092_12\" aria-expanded=\"false\"\n\t\t\t\t\t\t   aria-controls=\"collapse_accordion_004a092_12\">\n\t\t\t\t\t\t\tWerden musikalisch interessierte Sch\u00fclerinnen und Sch\u00fcler besonders gef\u00f6rdert?\t\t\t\t\t\t<\/a>\n\t\t\t\t\t<\/h4>\n\t\t\t\t<\/div>\n\t\t\t\t<div id=\"collapse_accordion_004a092_12\"\n\t\t\t\t\t class=\"panel-collapse collapse\"\n\t\t\t\t\t role=\"tabpanel\" aria-labelledby=\"heading_accordion_004a092_12\">\n\t\t\t\t\t<div class=\"panel-body\">\n\t\t\t\t\t\t<p>Bereits ab der Jahrgangsstufe 5 beginnt die Bl\u00e4serklasse. Anstelle des Musikunterrichts im Klassenverband erhalten die Sch\u00fclerinnen und Sch\u00fcler eine Ausbildung an den Blasinstrumenten. Ab Klasse 7 kann Musik als Hauptfach im Mittelstufenzweig gew\u00e4hlt werden, im Gymnasialzweig ist dieses Wahlpflichtfach dann ein Nebenfach.<\/p>\n\t\t\t\t\t<\/div>\n\t\t\t\t<\/div>\n\t\t\t<\/div>\n\n\t\t\n\t\t\t<div class=\"panel panel-default\">\n\t\t\t\t<div class=\"panel-heading\" role=\"tab\"\n\t\t\t\t\t id=\"heading_accordion_004a092_13\">\n\t\t\t\t\t<h4 class=\"panel-title\">\n\t\t\t\t\t\t<a role=\"button\" class=\"collapsed\" data-toggle=\"collapse\"\n\t\t\t\t\t\t   data-parent=\"#accordion_004a092\"\n\t\t\t\t\t\t   href=\"#collapse_accordion_004a092_13\" aria-expanded=\"false\"\n\t\t\t\t\t\t   aria-controls=\"collapse_accordion_004a092_13\">\n\t\t\t\t\t\t\tWerden sportlich interessierte Sch\u00fclerinnen und Sch\u00fcler besonders gef\u00f6rdert?\t\t\t\t\t\t<\/a>\n\t\t\t\t\t<\/h4>\n\t\t\t\t<\/div>\n\t\t\t\t<div id=\"collapse_accordion_004a092_13\"\n\t\t\t\t\t class=\"panel-collapse collapse\"\n\t\t\t\t\t role=\"tabpanel\" aria-labelledby=\"heading_accordion_004a092_13\">\n\t\t\t\t\t<div class=\"panel-body\">\n\t\t\t\t\t\t<p>Sportliche Kinder k\u00f6nnen ihr Talent beim Fu\u00dfballtraining unter Beweis stellen. Wir sind DFB-Partnerschule des Fu\u00dfballs seit 2012! Ab Klasse 7 kann das Fach Sport\/Biologie im Mittelstufenzweig als Hauptfach gew\u00e4hlt werden. Auch im Gymnasialzweig kann man dieses Walpflichtfach belegen, dort ist es ein Nebenfach.<\/p>\n\t\t\t\t\t<\/div>\n\t\t\t\t<\/div>\n\t\t\t<\/div>\n\n\t\t\n\t\t\t<div class=\"panel panel-default\">\n\t\t\t\t<div class=\"panel-heading\" role=\"tab\"\n\t\t\t\t\t id=\"heading_accordion_004a092_14\">\n\t\t\t\t\t<h4 class=\"panel-title\">\n\t\t\t\t\t\t<a role=\"button\" class=\"collapsed\" data-toggle=\"collapse\"\n\t\t\t\t\t\t   data-parent=\"#accordion_004a092\"\n\t\t\t\t\t\t   href=\"#collapse_accordion_004a092_14\" aria-expanded=\"false\"\n\t\t\t\t\t\t   aria-controls=\"collapse_accordion_004a092_14\">\n\t\t\t\t\t\t\tKann mein Kind \u00fcber den Unterricht hinaus betreut werden?\t\t\t\t\t\t<\/a>\n\t\t\t\t\t<\/h4>\n\t\t\t\t<\/div>\n\t\t\t\t<div id=\"collapse_accordion_004a092_14\"\n\t\t\t\t\t class=\"panel-collapse collapse\"\n\t\t\t\t\t role=\"tabpanel\" aria-labelledby=\"heading_accordion_004a092_14\">\n\t\t\t\t\t<div class=\"panel-body\">\n\t\t\t\t\t\t<p>Ja. Wir bieten eine Betreuung (Montag bis Donnerstag) f\u00fcr die j\u00fcngeren Kinder der Jahrgangsstufen 5 und 6 bis einschlie\u00dflich der 9. Stunde an.<\/p>\n\t\t\t\t\t<\/div>\n\t\t\t\t<\/div>\n\t\t\t<\/div>\n\n\t\t\n\t\t\t<div class=\"panel panel-default\">\n\t\t\t\t<div class=\"panel-heading\" role=\"tab\"\n\t\t\t\t\t id=\"heading_accordion_004a092_15\">\n\t\t\t\t\t<h4 class=\"panel-title\">\n\t\t\t\t\t\t<a role=\"button\" class=\"collapsed\" data-toggle=\"collapse\"\n\t\t\t\t\t\t   data-parent=\"#accordion_004a092\"\n\t\t\t\t\t\t   href=\"#collapse_accordion_004a092_15\" aria-expanded=\"false\"\n\t\t\t\t\t\t   aria-controls=\"collapse_accordion_004a092_15\">\n\t\t\t\t\t\t\tGibt es eine Ferienbetreuung?\t\t\t\t\t\t<\/a>\n\t\t\t\t\t<\/h4>\n\t\t\t\t<\/div>\n\t\t\t\t<div id=\"collapse_accordion_004a092_15\"\n\t\t\t\t\t class=\"panel-collapse collapse\"\n\t\t\t\t\t role=\"tabpanel\" aria-labelledby=\"heading_accordion_004a092_15\">\n\t\t\t\t\t<div class=\"panel-body\">\n\t\t\t\t\t\t<p>In Teilen der Osterferien, Herbstferien und Sommerferien bieten wir eine Ferienbetreuung an. Insgesamt sind es 5 Wochen im Kalenderjahr. Die Termine werden fr\u00fchzeitig bekanntgegeben.<\/p>\n\t\t\t\t\t<\/div>\n\t\t\t\t<\/div>\n\t\t\t<\/div>\n\n\t\t\n\t\t\t<div class=\"panel panel-default\">\n\t\t\t\t<div class=\"panel-heading\" role=\"tab\"\n\t\t\t\t\t id=\"heading_accordion_004a092_16\">\n\t\t\t\t\t<h4 class=\"panel-title\">\n\t\t\t\t\t\t<a role=\"button\" class=\"collapsed\" data-toggle=\"collapse\"\n\t\t\t\t\t\t   data-parent=\"#accordion_004a092\"\n\t\t\t\t\t\t   href=\"#collapse_accordion_004a092_16\" aria-expanded=\"false\"\n\t\t\t\t\t\t   aria-controls=\"collapse_accordion_004a092_16\">\n\t\t\t\t\t\t\tWelche Klassenfahrten sind im Laufe der Schulzeit geplant?\t\t\t\t\t\t<\/a>\n\t\t\t\t\t<\/h4>\n\t\t\t\t<\/div>\n\t\t\t\t<div id=\"collapse_accordion_004a092_16\"\n\t\t\t\t\t class=\"panel-collapse collapse\"\n\t\t\t\t\t role=\"tabpanel\" aria-labelledby=\"heading_accordion_004a092_16\">\n\t\t\t\t\t<div class=\"panel-body\">\n\t\t\t\t\t\t<p>Im Jahrgang 6 f\u00fchren die Klassen eine kurze Fahrt in die n\u00e4here Umgebung durch (Thema: Sozialtraining). Im Jahrgang 8 findet die Skifahrt statt und im Jahrgang 10 die Fahrt nach England bzw. Frankreich.<\/p>\n\t\t\t\t\t<\/div>\n\t\t\t\t<\/div>\n\t\t\t<\/div>\n\n\t\t<\/div><\/div>\t\t<\/div>\n\t\t\t\t<\/div>\n\t\t\t\t\t<\/div>\n\t\t<\/div>\n\t\t\t\t\t\t\t<\/div>\n\t\t<\/section>\n\t\t\t\t\t\t\t<\/div>\n\t\t","protected":false},"excerpt":{"rendered":"<p>Termine Burbach &#8211; Tag der offenen T\u00fcr Samstag, 25.11.2023 \u2013 10.00 &#8211; 13.00 Uhr im Forum, gemeinsamer Beginn Tag der offenen T\u00fcr \u2013\u00a0\u201eMini-Experimenta&#8221; f\u00fcr die Kinder und Informationsveranstaltung f\u00fcr die Eltern. Neunkirchen &#8211; Tag der offenen T\u00fcr Samstag, 25.11.2023 \u2013 &hellip; <\/p>\n","protected":false},"author":1,"featured_media":0,"parent":11754,"menu_order":10,"comment_status":"closed","ping_status":"closed","template":"","meta":[],"_links":{"self":[{"href":"https:\/\/test.loris.tv\/gms\/wp-json\/wp\/v2\/pages\/10817"}],"collection":[{"href":"https:\/\/test.loris.tv\/gms\/wp-json\/wp\/v2\/pages"}],"about":[{"href":"https:\/\/test.loris.tv\/gms\/wp-json\/wp\/v2\/types\/page"}],"author":[{"embeddable":true,"href":"https:\/\/test.loris.tv\/gms\/wp-json\/wp\/v2\/users\/1"}],"replies":[{"embeddable":true,"href":"https:\/\/test.loris.tv\/gms\/wp-json\/wp\/v2\/comments?post=10817"}],"version-history":[{"count":38,"href":"https:\/\/test.loris.tv\/gms\/wp-json\/wp\/v2\/pages\/10817\/revisions"}],"predecessor-version":[{"id":11771,"href":"https:\/\/test.loris.tv\/gms\/wp-json\/wp\/v2\/pages\/10817\/revisions\/11771"}],"up":[{"embeddable":true,"href":"https:\/\/test.loris.tv\/gms\/wp-json\/wp\/v2\/pages\/11754"}],"wp:attachment":[{"href":"https:\/\/test.loris.tv\/gms\/wp-json\/wp\/v2\/media?parent=10817"}],"curies":[{"name":"wp","href":"https:\/\/api.w.org\/{rel}","templated":true}]}}